{"id":1077,"date":"2021-11-22T08:36:22","date_gmt":"2021-11-22T08:36:22","guid":{"rendered":"https:\/\/eu4culture.al\/grants-2\/"},"modified":"2024-05-24T14:27:04","modified_gmt":"2024-05-24T14:27:04","slug":"grants-2","status":"publish","type":"page","link":"https:\/\/eu4culture.al\/sq\/grants-2\/","title":{"rendered":"Grantet dhe Projektet e Financuara"},"content":{"rendered":"\n<p><strong>Projekti <\/strong><strong>BE p\u00ebr Kultur\u00ebn<\/strong> \u00ebsht\u00eb i p\u00ebrkushtuar kundrejt rigjall\u00ebrimit t\u00eb trash\u00ebgimis\u00eb kulturore t\u00eb Shqip\u00ebris\u00eb dhe p\u00ebrmir\u00ebsimit t\u00eb kapaciteteve p\u00ebr menaxhimin dhe promovimin e saj, si dhe ndr\u00eblidhjen me nismat e turizmit kulturor q\u00eb p\u00ebrb\u00ebjn\u00eb risi dhe tregojn\u00eb v\u00ebmendje ndaj mjedisit.<\/p>\n\n\n\n<p>Pjes\u00eb e p\u00ebrpjekjeve tona \u00ebsht\u00eb kjo Skem\u00eb Grantesh e cila synon t\u00eb krijoj\u00eb mund\u00ebsi social-ekonomike dhe kulturore p\u00ebr komunitetet vendore rreth e qark vendndodhjeve t\u00eb trash\u00ebgimis\u00eb kulturore t\u00eb projektit.<\/p>\n\n\n\n<hr class=\"wp-block-separator has-css-opacity\"\/>\n\n\n\n<p><strong><strong><strong>Si do t\u00eb jepen grantet?<\/strong><\/strong><\/strong><\/p>\n\n\n\n<p>N\u00ebp\u00ebrmjet k\u00ebsaj skeme, ne do t\u00eb hapim nj\u00eb s\u00ebr\u00eb thirrjesh konkurruese p\u00ebr projekt propozime q\u00eb do t\u00eb zhvillohen dhe zbatohen perreth vendndodhjeve t\u00eb trash\u00ebgimis\u00eb kulturore ku po zbatohet projekti. Vler\u00ebsimi dhe p\u00ebrzgjedhja e propozimeve p\u00ebr grante p\u00ebr financim do t\u00eb bazohet n\u00eb nj\u00eb s\u00ebr\u00eb kriteresh prioritare dhe do t\u00eb kryhet nga komiteti i ekspert\u00ebve t\u00eb zhvillimit kulturor dhe social-ekonomik. Synimi \u00ebsht\u00eb t\u00eb mb\u00ebshtetet sektori i industrive kulturore dhe krijuese, duke mund\u00ebsuar burime p\u00ebr zhvillimin e produkteve kulturore dhe p\u00ebrmir\u00ebsimin e tregtueshm\u00ebris\u00eb.<\/p>\n\n\n\n<hr class=\"wp-block-separator has-css-opacity\"\/>\n\n\n\n<p><strong><strong>Cfar\u00eb q\u00ebllimi do t\u00eb ken\u00eb grantet?<\/strong><\/strong><\/p>\n\n\n\n<p>Q\u00ebllimi \u00ebsht\u00eb t\u00eb mb\u00ebshtetet p\u00ebrmir\u00ebsimi i cil\u00ebsis\u00eb s\u00eb mallrave dhe sh\u00ebrbimeve kulturore vendore materiale dhe jomateriale p\u00ebr t\u00eb rritur mund\u00ebsit\u00eb e tyre p\u00ebr t\u00eb konkurruar brenda vendit, n\u00eb BE dhe n\u00eb tregje t\u00eb tjera me vler\u00eb t\u00eb lart\u00eb.<\/p>\n\n\n\n<hr class=\"wp-block-separator has-css-opacity\"\/>\n\n\n\n<p><strong>Kush do ti p\u00ebrfitoj\u00eb grantet?<\/strong><\/p>\n\n\n\n<p>P\u00ebrfituesit do t\u00eb jen\u00eb aplikant\u00eb t\u00eb suksessh\u00ebm nga sektori i industrive kulturore dhe krijuese n\u00eb vendndodhjet e p\u00ebrzgjedhura t\u00eb trash\u00ebgimis\u00eb kulturore dhe zonat p\u00ebrreth. N\u00eb objekt t\u00eb aktiviteteve t\u00eb tyre do t\u00eb jen\u00eb organizatat kulturore vendore dhe komb\u00ebtare, institucionet e arsimit dhe ato k\u00ebrkimore dhe autoritetet komb\u00ebtare dhe vendore.<\/p>\n\n\n\n<p>Duke u p\u00ebrfshir\u00eb p\u00ebrmes granteve, operator\u00ebt dhe profesionist\u00ebt e kultur\u00ebs do t\u00eb fitojn\u00eb dhe zhvillojn\u00eb aft\u00ebsi dhe kompetenca artistike, teknike, teknologjike dhe menaxheriale p\u00ebr t\u00eb shprehur dhe shfaqur krijimtarin\u00eb e tyre, e p\u00ebr ta shnd\u00ebrruar k\u00ebt\u00eb krijimtari n\u00eb aktivitete, mallra dhe sh\u00ebrbime ekonomikisht t\u00eb q\u00ebndrueshme.<\/p>\n\n\n\n<hr class=\"wp-block-separator has-css-opacity\"\/>\n\n\n\n<p><strong>Cilat jan\u00eb fushat prioritare?<\/strong><\/p>\n\n\n\n<p>Fushat prioritare t\u00eb thirrjeve p\u00ebr propozime p\u00ebr grante, nd\u00ebr t\u00eb tjera, do t\u00eb p\u00ebrfshijn\u00eb edhe zhvillimin ekonomik vendor kulturor si dhe nismat inovative n\u00eb turiz\u00ebm, kultur\u00eb ose mjedis.<\/p>\n\n\n\n<hr class=\"wp-block-separator has-css-opacity\"\/>\n\n\n\n<p><strong>Kontributi p\u00ebr p\u00ebrfshirjen sociale, t\u00eb rinjt\u00eb dhe grat\u00eb<\/strong><\/p>\n\n\n\n<p>Projektet e financuara nga k\u00ebto grante do t\u00eb&nbsp; fokusohen n\u00eb m\u00ebnyr\u00eb t\u00eb vecant\u00eb tek p\u00ebrfshirja e grupeve t\u00eb pafavorizuara sociale dhe ekonomike. P\u00ebrfshirja e t\u00eb rinjve do t\u00eb jet\u00eb e domosdoshme e po ashtu edhe pjes\u00ebmarrja e grave.<\/p>\n\n\n\n<p>Q\u00ebllimi nuk \u00ebsht\u00eb vet\u00ebm t\u00eb kontribuoj\u00eb n\u00eb rritjen e gjenerimit t\u00eb t\u00eb ardhurave p\u00ebr komunitetet vendore dhe, p\u00ebr pasoj\u00eb, n\u00eb uljen e varf\u00ebris\u00eb, por edhe n\u00eb zgjerimin e p\u00ebrfshirjes sociale, duke mbrojtur dhe promovuar larmin\u00eb kulturore, dhe duke p\u00ebrmir\u00ebsuar imazhin dhe atraktivitetin e vendndodhjeve t\u00eb p\u00ebrzgjedhura.<\/p>\n","protected":false},"excerpt":{"rendered":"<p>Projekti BE p\u00ebr Kultur\u00ebn \u00ebsht\u00eb i p\u00ebrkushtuar kundrejt rigjall\u00ebrimit t\u00eb trash\u00ebgimis\u00eb kulturore t\u00eb Shqip\u00ebris\u00eb dhe p\u00ebrmir\u00ebsimit t\u00eb kapaciteteve p\u00ebr menaxhimin dhe promovimin e saj, si dhe ndr\u00eblidhjen me nismat e turizmit kulturor q\u00eb p\u00ebrb\u00ebjn\u00eb risi dhe tregojn\u00eb v\u00ebmendje ndaj mjedisit. Pjes\u00eb e p\u00ebrpjekjeve tona \u00ebsht\u00eb kjo Skem\u00eb Grantesh e cila synon t\u00eb krijoj\u00eb mund\u00ebsi social-ekonomike [&hellip;]<\/p>\n","protected":false},"author":1,"featured_media":3046,"parent":0,"menu_order":0,"comment_status":"closed","ping_status":"closed","template":"tmp-grants.php","meta":{"_acf_changed":false,"om_disable_all_campaigns":false,"_monsterinsights_skip_tracking":false,"_monsterinsights_sitenote_active":false,"_monsterinsights_sitenote_note":"","_monsterinsights_sitenote_category":0,"_uf_show_specific_survey":0,"_uf_disable_surveys":false,"footnotes":""},"class_list":["post-1077","page","type-page","status-publish","has-post-thumbnail","hentry"],"acf":[],"aioseo_notices":[],"_links":{"self":[{"href":"https:\/\/eu4culture.al\/sq\/wp-json\/wp\/v2\/pages\/1077","targetHints":{"allow":["GET"]}}],"collection":[{"href":"https:\/\/eu4culture.al\/sq\/wp-json\/wp\/v2\/pages"}],"about":[{"href":"https:\/\/eu4culture.al\/sq\/wp-json\/wp\/v2\/types\/page"}],"author":[{"embeddable":true,"href":"https:\/\/eu4culture.al\/sq\/wp-json\/wp\/v2\/users\/1"}],"replies":[{"embeddable":true,"href":"https:\/\/eu4culture.al\/sq\/wp-json\/wp\/v2\/comments?post=1077"}],"version-history":[{"count":16,"href":"https:\/\/eu4culture.al\/sq\/wp-json\/wp\/v2\/pages\/1077\/revisions"}],"predecessor-version":[{"id":5956,"href":"https:\/\/eu4culture.al\/sq\/wp-json\/wp\/v2\/pages\/1077\/revisions\/5956"}],"wp:featuredmedia":[{"embeddable":true,"href":"https:\/\/eu4culture.al\/sq\/wp-json\/wp\/v2\/media\/3046"}],"wp:attachment":[{"href":"https:\/\/eu4culture.al\/sq\/wp-json\/wp\/v2\/media?parent=1077"}],"curies":[{"name":"wp","href":"https:\/\/api.w.org\/{rel}","templated":true}]}}